{"id":1947,"date":"2025-10-06T13:55:12","date_gmt":"2025-10-06T11:55:12","guid":{"rendered":"https:\/\/laclassedulama.fr\/blog\/?page_id=1947"},"modified":"2026-03-04T10:22:38","modified_gmt":"2026-03-04T09:22:38","slug":"lamapod","status":"publish","type":"page","link":"https:\/\/laclassedulama.fr\/blog\/lamapod\/","title":{"rendered":"LamaPod"},"content":{"rendered":"\n<p>Cette application permet aux enfants <strong>d&rsquo;\u00e9couter facilement un enregistrement audio mis \u00e0 disposition par l&rsquo;enseignant<\/strong> : un livre audio, une musique, un chant, &#8230;<\/p>\n\n\n\n<figure class=\"wp-block-image\"><img loading=\"lazy\" decoding=\"async\" width=\"2560\" height=\"1440\" src=\"https:\/\/laclassedulama.fr\/blog\/wp-content\/uploads\/2024\/06\/lamapod-scaled.jpeg\" alt=\"\" class=\"wp-image-613\" srcset=\"https:\/\/laclassedulama.fr\/blog\/wp-content\/uploads\/2024\/06\/lamapod-scaled.jpeg 2560w, https:\/\/laclassedulama.fr\/blog\/wp-content\/uploads\/2024\/06\/lamapod-300x169.jpeg 300w, https:\/\/laclassedulama.fr\/blog\/wp-content\/uploads\/2024\/06\/lamapod-1024x576.jpeg 1024w, https:\/\/laclassedulama.fr\/blog\/wp-content\/uploads\/2024\/06\/lamapod-768x432.jpeg 768w, https:\/\/laclassedulama.fr\/blog\/wp-content\/uploads\/2024\/06\/lamapod-1536x864.jpeg 1536w, https:\/\/laclassedulama.fr\/blog\/wp-content\/uploads\/2024\/06\/lamapod-2048x1152.jpeg 2048w\" sizes=\"auto, (max-width: 2560px) 100vw, 2560px\" \/><\/figure>\n\n\n\n<h4 class=\"wp-block-heading has-pale-cyan-blue-background-color has-background has-large-font-size\">Comment \u00e7a fonctionne ?<\/h4>\n\n\n\n<ul class=\"wp-block-list\">\n<li>L&rsquo;enseignant importe un enregistrement audio (illustration optionnelle) associ\u00e9 \u00e0 un code couleur (4 \u00ab\u00a0gommettes\u00a0\u00bb de couleur\u00a0\u00bb)<\/li>\n\n\n\n<li>Il reporte le code couleur sur le support (livre, affiche, etc.)<\/li>\n<\/ul>\n\n\n\n<p>L&rsquo;enfant n&rsquo;a plus qu&rsquo;\u00e0 reproduire le code couleur en cliquant sur les gommettes pour avoir acc\u00e8s \u00e0 l&rsquo;enregistrement correspondant.<\/p>\n\n\n\n<p>Nouveaut\u00e9 de la version 0.5 : l&rsquo;enseignant peut exporter son catalogue au format PDF afin de cr\u00e9er des petites fiches \u00e0 d\u00e9couper.<\/p>\n\n\n\n<figure class=\"wp-block-image aligncenter is-resized\"><img loading=\"lazy\" decoding=\"async\" width=\"1224\" height=\"1584\" src=\"https:\/\/laclassedulama.fr\/blog\/wp-content\/uploads\/2026\/03\/LamaPod-Catalogue.jpg\" alt=\"\" class=\"wp-image-2707\" style=\"aspect-ratio:0.772751847179672;width:191px;height:auto\" srcset=\"https:\/\/laclassedulama.fr\/blog\/wp-content\/uploads\/2026\/03\/LamaPod-Catalogue.jpg 1224w, https:\/\/laclassedulama.fr\/blog\/wp-content\/uploads\/2026\/03\/LamaPod-Catalogue-232x300.jpg 232w, https:\/\/laclassedulama.fr\/blog\/wp-content\/uploads\/2026\/03\/LamaPod-Catalogue-791x1024.jpg 791w, https:\/\/laclassedulama.fr\/blog\/wp-content\/uploads\/2026\/03\/LamaPod-Catalogue-768x994.jpg 768w, https:\/\/laclassedulama.fr\/blog\/wp-content\/uploads\/2026\/03\/LamaPod-Catalogue-1187x1536.jpg 1187w\" sizes=\"auto, (max-width: 1224px) 100vw, 1224px\" \/><\/figure>\n\n\n\n<p>A noter : l&rsquo;enseignant peut exporter la biblioth\u00e8que LamaPod qu&rsquo;il a constitu\u00e9 pour l&rsquo;importer  dans un autre appareil avec le LamaPod.<\/p>\n\n\n\n<p><strong>Merci \u00e0 Antoine Laot et Micha\u00ebl May pour cette id\u00e9e d&rsquo;application !<\/strong><\/p>\n\n\n\n<figure class=\"wp-block-image size-full\"><img loading=\"lazy\" decoding=\"async\" width=\"960\" height=\"540\" src=\"https:\/\/laclassedulama.fr\/blog\/wp-content\/uploads\/2025\/10\/lamapod_illustration_1.png\" alt=\"\" class=\"wp-image-1971\" srcset=\"https:\/\/laclassedulama.fr\/blog\/wp-content\/uploads\/2025\/10\/lamapod_illustration_1.png 960w, https:\/\/laclassedulama.fr\/blog\/wp-content\/uploads\/2025\/10\/lamapod_illustration_1-300x169.png 300w, https:\/\/laclassedulama.fr\/blog\/wp-content\/uploads\/2025\/10\/lamapod_illustration_1-768x432.png 768w\" sizes=\"auto, (max-width: 960px) 100vw, 960px\" \/><figcaption class=\"wp-element-caption\">Image de mise en situation g\u00e9n\u00e9r\u00e9e par l&rsquo;intelligence artificielle <\/figcaption><\/figure>\n\n\n\n<h4 class=\"wp-block-heading has-pale-cyan-blue-background-color has-background\">Regardez la vid\u00e9o explicative :<\/h4>\n\n\n\n<!--more-->\n\n\n\n<div class=\"wp-block-columns is-layout-flex wp-container-core-columns-is-layout-28f84493 wp-block-columns-is-layout-flex\">\n<div class=\"wp-block-column is-vertically-aligned-center is-layout-flow wp-block-column-is-layout-flow\">\n<iframe loading=\"lazy\" title=\"LamaPod\" width=\"560\" height=\"315\" src=\"https:\/\/tube-numerique-educatif.apps.education.fr\/videos\/embed\/ff1dfef3-6cc9-452d-84c7-be8005f0f180\" frameborder=\"0\" allowfullscreen=\"\" sandbox=\"allow-same-origin allow-scripts allow-popups allow-forms\"><\/iframe>\n<\/div>\n<\/div>\n\n\n\n<h4 class=\"wp-block-heading has-pale-cyan-blue-background-color has-background\"><strong>Pour t\u00e9l\u00e9charger le LamaPod :<\/strong><\/h4>\n\n\n\n<p>Le LamaPod est <em><strong>pour l&rsquo;instant<\/strong><\/em> disponible :<br>&#8211; sur PC (Windows \/ Linux \/ MacOS)<br>&#8211; sur tablette Android : via un fichier APK (installation manuelle)<\/p>\n\n\n\n<p>Une version Android sur le Google Play et une version iPad sur l&rsquo;App Store sont pr\u00e9vues (soyez patients).<\/p>\n\n\n<div class='w3eden'><!-- WPDM Link Template: Default Template -->\n\n<div class=\"link-template-default card mb-2\">\n    <div class=\"card-body\">\n        <div class=\"media\">\n            <div class=\"mr-3 img-48\"><img decoding=\"async\" class=\"wpdm_icon\" alt=\"Ic\u00f4ne\" src=\"https:\/\/laclassedulama.fr\/blog\/wp-content\/plugins\/download-manager\/assets\/file-type-icons\/web.svg\" \/><\/div>\n            <div class=\"media-body\">\n                <h3 class=\"package-title\"><a href='https:\/\/laclassedulama.fr\/blog\/download\/lamapod-windows\/'>LamaPod (PC & tablettes)<\/a><\/h3>\n                <div class=\"text-muted text-small\"><i class=\"fas fa-copy\"><\/i> 1 fichier\u00b7s <i class=\"fas fa-hdd ml-3\"><\/i> 0.00 KB<\/div>\n            <\/div>\n            <div class=\"ml-3\">\n                <a class='wpdm-download-link download-on-click btn btn-primary ' rel='nofollow' href='#' data-downloadurl=\"https:\/\/laclassedulama.fr\/blog\/download\/lamapod-windows\/?wpdmdl=616&refresh=69f72fafd36a41777807279\">T\u00e9l\u00e9charger<\/a>\n            <\/div>\n        <\/div>\n    <\/div>\n<\/div>\n\n<\/div>\n\n\n\n<figure class=\"wp-block-gallery has-nested-images columns-2 is-cropped wp-block-gallery-1 is-layout-flex wp-block-gallery-is-layout-flex\">\n<figure class=\"wp-block-image size-large\"><img loading=\"lazy\" decoding=\"async\" width=\"1024\" height=\"621\" data-id=\"1962\" src=\"https:\/\/laclassedulama.fr\/blog\/wp-content\/uploads\/2025\/10\/lamapod_2-1024x621.png\" alt=\"\" class=\"wp-image-1962\" srcset=\"https:\/\/laclassedulama.fr\/blog\/wp-content\/uploads\/2025\/10\/lamapod_2-1024x621.png 1024w, https:\/\/laclassedulama.fr\/blog\/wp-content\/uploads\/2025\/10\/lamapod_2-300x182.png 300w, https:\/\/laclassedulama.fr\/blog\/wp-content\/uploads\/2025\/10\/lamapod_2-768x466.png 768w, https:\/\/laclassedulama.fr\/blog\/wp-content\/uploads\/2025\/10\/lamapod_2.png 1282w\" sizes=\"auto, (max-width: 1024px) 100vw, 1024px\" \/><\/figure>\n\n\n\n<figure class=\"wp-block-image size-large\"><img loading=\"lazy\" decoding=\"async\" width=\"1024\" height=\"621\" data-id=\"1961\" src=\"https:\/\/laclassedulama.fr\/blog\/wp-content\/uploads\/2025\/10\/lamapod_3-1024x621.png\" alt=\"\" class=\"wp-image-1961\" srcset=\"https:\/\/laclassedulama.fr\/blog\/wp-content\/uploads\/2025\/10\/lamapod_3-1024x621.png 1024w, https:\/\/laclassedulama.fr\/blog\/wp-content\/uploads\/2025\/10\/lamapod_3-300x182.png 300w, https:\/\/laclassedulama.fr\/blog\/wp-content\/uploads\/2025\/10\/lamapod_3-768x466.png 768w, https:\/\/laclassedulama.fr\/blog\/wp-content\/uploads\/2025\/10\/lamapod_3.png 1282w\" sizes=\"auto, (max-width: 1024px) 100vw, 1024px\" \/><\/figure>\n\n\n\n<figure class=\"wp-block-image size-large\"><img loading=\"lazy\" decoding=\"async\" width=\"1024\" height=\"621\" data-id=\"1960\" src=\"https:\/\/laclassedulama.fr\/blog\/wp-content\/uploads\/2025\/10\/lamapod_5-1024x621.png\" alt=\"\" class=\"wp-image-1960\" srcset=\"https:\/\/laclassedulama.fr\/blog\/wp-content\/uploads\/2025\/10\/lamapod_5-1024x621.png 1024w, https:\/\/laclassedulama.fr\/blog\/wp-content\/uploads\/2025\/10\/lamapod_5-300x182.png 300w, https:\/\/laclassedulama.fr\/blog\/wp-content\/uploads\/2025\/10\/lamapod_5-768x466.png 768w, https:\/\/laclassedulama.fr\/blog\/wp-content\/uploads\/2025\/10\/lamapod_5.png 1282w\" sizes=\"auto, (max-width: 1024px) 100vw, 1024px\" \/><\/figure>\n\n\n\n<figure class=\"wp-block-image size-large\"><img loading=\"lazy\" decoding=\"async\" width=\"1024\" height=\"621\" data-id=\"1963\" src=\"https:\/\/laclassedulama.fr\/blog\/wp-content\/uploads\/2025\/10\/lamapod_4-1024x621.png\" alt=\"\" class=\"wp-image-1963\" srcset=\"https:\/\/laclassedulama.fr\/blog\/wp-content\/uploads\/2025\/10\/lamapod_4-1024x621.png 1024w, https:\/\/laclassedulama.fr\/blog\/wp-content\/uploads\/2025\/10\/lamapod_4-300x182.png 300w, https:\/\/laclassedulama.fr\/blog\/wp-content\/uploads\/2025\/10\/lamapod_4-768x466.png 768w, https:\/\/laclassedulama.fr\/blog\/wp-content\/uploads\/2025\/10\/lamapod_4.png 1282w\" sizes=\"auto, (max-width: 1024px) 100vw, 1024px\" \/><\/figure>\n<\/figure>\n\n\n\n<p>Si vous changez et oubliez le mot de passe pour acc\u00e9der \u00e0 la configuration, envoyez un courriel \u00e0 contact@laclassedulama.fr pour d\u00e9couvrir comment d\u00e9bloquer la situation. <\/p>\n\n\n\n<p>Projet libre d\u00e9pos\u00e9 sur la <a href=\"https:\/\/forge.apps.education.fr\/la-classe-du-lama\/lamapod\" target=\"_blank\" rel=\"noreferrer noopener\">Forge des Communs Num\u00e9riques Educatifs<\/a><\/p>\n","protected":false},"excerpt":{"rendered":"<p>Cette application permet aux enfants d&rsquo;\u00e9couter facilement un enregistrement audio mis \u00e0 disposition par l&rsquo;enseignant : un livre audio, une musique, un chant, &#8230; Comment \u00e7a fonctionne ? L&rsquo;enfant n&rsquo;a plus qu&rsquo;\u00e0 reproduire le code couleur en cliquant sur les gommettes pour avoir acc\u00e8s \u00e0 l&rsquo;enregistrement correspondant. Nouveaut\u00e9 de la version 0.5 : l&rsquo;enseignant peut [&hellip;]<\/p>\n","protected":false},"author":1,"featured_media":0,"parent":0,"menu_order":0,"comment_status":"closed","ping_status":"closed","template":"","meta":{"footnotes":""},"class_list":["post-1947","page","type-page","status-publish","hentry"],"_links":{"self":[{"href":"https:\/\/laclassedulama.fr\/blog\/wp-json\/wp\/v2\/pages\/1947","targetHints":{"allow":["GET"]}}],"collection":[{"href":"https:\/\/laclassedulama.fr\/blog\/wp-json\/wp\/v2\/pages"}],"about":[{"href":"https:\/\/laclassedulama.fr\/blog\/wp-json\/wp\/v2\/types\/page"}],"author":[{"embeddable":true,"href":"https:\/\/laclassedulama.fr\/blog\/wp-json\/wp\/v2\/users\/1"}],"replies":[{"embeddable":true,"href":"https:\/\/laclassedulama.fr\/blog\/wp-json\/wp\/v2\/comments?post=1947"}],"version-history":[{"count":18,"href":"https:\/\/laclassedulama.fr\/blog\/wp-json\/wp\/v2\/pages\/1947\/revisions"}],"predecessor-version":[{"id":2714,"href":"https:\/\/laclassedulama.fr\/blog\/wp-json\/wp\/v2\/pages\/1947\/revisions\/2714"}],"wp:attachment":[{"href":"https:\/\/laclassedulama.fr\/blog\/wp-json\/wp\/v2\/media?parent=1947"}],"curies":[{"name":"wp","href":"https:\/\/api.w.org\/{rel}","templated":true}]}}